 

{"id":8821,"date":"2021-05-09T15:04:31","date_gmt":"2021-05-09T13:04:31","guid":{"rendered":"https:\/\/www.carrerivegauche.com\/testboutique\/boutique-crg\/medaillon-ovale-dapres-filippo-collino-1737-1800\/"},"modified":"2021-05-15T12:09:04","modified_gmt":"2021-05-15T10:09:04","slug":"medaillon-ovale-dapres-filippo-collino-1737-1800","status":"publish","type":"product","link":"https:\/\/www.carrerivegauche.com\/fr\/boutique-crg\/medaillon-ovale-dapres-filippo-collino-1737-1800\/","title":{"rendered":"M\u00c9DAILLON OVALE D\u2019APR\u00c8S FILIPPO COLLINO (1737-1800)&#8230;"},"content":{"rendered":"<p>Notre m\u00e9daillon ovale en marbre blanc est un portrait pr\u00e9sum\u00e9 d\u2019Alexandre le Grand.<br \/>Ce joli bas-relief est r\u00e9alis\u00e9 selon les canons de repr\u00e9sentation n\u00e9o-classiques de l\u2019\u00e9poque. Le traitement des boucles de la chevelure \u00e0 l\u2019antique est tout particuli\u00e8rement remarquable.<br \/>Ce m\u00e9daillon a \u00e9t\u00e9 sans doute inspir\u00e9 par une paire de m\u00e9daillons similaires de Filippo Collino aujourd\u2019hui conserv\u00e9s \u00e0 Piazzatta Reale \u00e0 Turin repr\u00e9sentant Alexandre le Grand et sa m\u00e8re Olympia.<\/p>\n<p><\/p>\n<p><img loading=\"lazy\" decoding=\"async\" class=\"size-full wp-image-8823 alignnone\" src=\"https:\/\/www.carrerivegauche.com\/wp-content\/uploads\/2021\/05\/collino.jpg\" alt=\"\" width=\"514\" height=\"332\" data-mce-src=\"https:\/\/www.carrerivegauche.com\/wp-content\/uploads\/2021\/05\/collino.jpg\" srcset=\"https:\/\/www.carrerivegauche.com\/wp-content\/uploads\/2021\/05\/collino.jpg 514w, https:\/\/www.carrerivegauche.com\/wp-content\/uploads\/2021\/05\/collino-300x194.jpg 300w\" sizes=\"auto, (max-width: 514px) 100vw, 514px\" \/><\/p>\n<p>Filippo Collino<br \/>Alexandre le Grand<br \/>1756<br \/>Marbre blanc de Carrare 45 x 34,5 cm<br \/>Turin<\/p>\n<p>Olympia<br \/>1756<br \/>Marbre blanc de Carrare 45 x 34 cm<br \/>Turin<\/p>\n<p><\/p>\n<hr>\n<p><em>Our oval white marble medallion is a presumed portrait of Alexander the Great. This beautiful bas-relief is made according to the neo-classical canons of representation of the time. Particularly noteworthy is the antique treatment of curls in the hair.<\/em><br \/><em>This medallion was undoubtedly inspired by a pair of similar medallions by Filippo Collino now kept at Piazzatta Reale in Turin depicting Alexander the Great and his mother Olympia.<\/em><\/p>\n","protected":false},"excerpt":{"rendered":"<p>ITALIE<br \/>FIN DU XVIII\u00c8 SI\u00c8CLE<br \/>MARBRE BLANC<br \/>DIMENSIONS : H. 43,5 CM \u2013 L. 30,5 CM \u2013 P. 7,5 CM<\/p>\n<p><strong><em>OVAL MEDALLION<\/em><\/strong><br \/><strong><em>AFTER FILIPPO COLLINO (1737-1800)<\/em><\/strong><\/p>\n<p><em>ITALY<\/em><br \/><em>LATE 18TH CENTURY<\/em><br \/><em>WHITE MARBLE<\/em><br \/><em>DIMENSIONS :<\/em><br \/><em>H. 43,5 CM \u2013 W. 30,5 CM \u2013D. 7,5 CM<\/em><br \/><em>H. 17 1\/8 IN \u2013 W. 12 1\/16 IN \u2013D. 2 15\/16 IN<\/em><\/p>\n","protected":false},"featured_media":8818,"template":"","meta":[],"product_brand":[],"product_cat":[271],"product_tag":[],"class_list":{"0":"post-8821","1":"product","2":"type-product","3":"status-publish","4":"has-post-thumbnail","6":"product_cat-monin","7":"description-off","9":"first","10":"instock","11":"shipping-taxable","12":"product-type-simple"},"aioseo_notices":[],"_links":{"self":[{"href":"https:\/\/www.carrerivegauche.com\/fr\/wp-json\/wp\/v2\/product\/8821","targetHints":{"allow":["GET"]}}],"collection":[{"href":"https:\/\/www.carrerivegauche.com\/fr\/wp-json\/wp\/v2\/product"}],"about":[{"href":"https:\/\/www.carrerivegauche.com\/fr\/wp-json\/wp\/v2\/types\/product"}],"wp:featuredmedia":[{"embeddable":true,"href":"https:\/\/www.carrerivegauche.com\/fr\/wp-json\/wp\/v2\/media\/8818"}],"wp:attachment":[{"href":"https:\/\/www.carrerivegauche.com\/fr\/wp-json\/wp\/v2\/media?parent=8821"}],"wp:term":[{"taxonomy":"product_brand","embeddable":true,"href":"https:\/\/www.carrerivegauche.com\/fr\/wp-json\/wp\/v2\/product_brand?post=8821"},{"taxonomy":"product_cat","embeddable":true,"href":"https:\/\/www.carrerivegauche.com\/fr\/wp-json\/wp\/v2\/product_cat?post=8821"},{"taxonomy":"product_tag","embeddable":true,"href":"https:\/\/www.carrerivegauche.com\/fr\/wp-json\/wp\/v2\/product_tag?post=8821"}],"curies":[{"name":"wp","href":"https:\/\/api.w.org\/{rel}","templated":true}]}}