 

{"id":8423,"date":"2021-04-07T13:40:15","date_gmt":"2021-04-07T11:40:15","guid":{"rendered":"https:\/\/www.carrerivegauche.com\/testboutique\/boutique-crg\/sablier-en-bois-tourne-laque-noir-et-or\/"},"modified":"2021-05-12T12:27:54","modified_gmt":"2021-05-12T10:27:54","slug":"sablier-en-bois-tourne-laque-noir-et-or","status":"publish","type":"product","link":"https:\/\/www.carrerivegauche.com\/fr\/boutique-crg\/sablier-en-bois-tourne-laque-noir-et-or\/","title":{"rendered":"Sablier en bois tourn\u00e9 laqu\u00e9 noir et or"},"content":{"rendered":"<p style=\"margin: 0px 0px 10px; padding: 0px; color: #636363;\">R\u00e9f\u00e9rence : ce sablier est incontestablement de la m\u00eame main que celui d\u00e9crit et illustr\u00e9 dans \u201cSabliers d\u2019Autrefois \u2013 Delalande \u2013 Paris 2015\u201d pp154\/157 (ex collection Jubinal).<\/p>\n<hr style=\"margin: 0px; padding: 0px; color: #636363;\" \/>\n<p style=\"margin: 0px 0px 10px; padding: 0px; color: #636363;\"><em style=\"margin: 0px; padding: 0px;\">Reference: this hourglass is undoubtedly from the same hand as the one described and illustrated in \u201cSabliers d\u2019Autrefois \u2013 Delalande \u2013 Paris 2015\u201d pp154 \/ 157 (ex Jubinal collection).<\/em><\/p>\n","protected":false},"excerpt":{"rendered":"<p style=\"margin: 0px 0px 10px; padding: 0px; color: #636363;\"><span style=\"margin: 0px; padding: 0px; font-weight: bold;\">Sablier en bois tourn\u00e9 laqu\u00e9 noir et or<\/span>, incluant un motif d\u2019ivoire sur chacune des bases qui sont maintenues entre elles par cinq colonnes tourn\u00e9es de forme balustre.<br style=\"margin: 0px; padding: 0px;\" \/>A l\u2019int\u00e9rieur se trouve une fiole form\u00e9e de deux ampoules piriformes en verre l\u00e9g\u00e8rement fum\u00e9 et bull\u00e9 de couleur grise contenant un tr\u00e8s fin sable d\u2019\u00e9tain ou d\u2019alliage plomb\/\u00e9tain.<br style=\"margin: 0px; padding: 0px;\" \/>Le joint de cire est recouvert de tissu serr\u00e9 d\u2019un fil de brocart.<br style=\"margin: 0px; padding: 0px;\" \/>Dimensions : hauteur 10,2 cm x diam\u00e8tre 6,6 cm.<br style=\"margin: 0px; padding: 0px;\" \/><span style=\"margin: 0px; padding: 0px; font-weight: bold;\">France datable vers 1520\/1530.<\/span><\/p>\n<h3 style=\"margin: 0px 0px 10px; padding: 0px; clear: both; color: #3a3a3a; font-variant-numeric: normal; font-variant-east-asian: normal; font-weight: normal; font-stretch: normal; font-size: 24px; line-height: 30px;\"><span style=\"margin: 0px; padding: 0px; font-weight: bold;\">Prix sur demande<\/span><\/h3>\n<p style=\"margin: 0px 0px 10px; padding: 0px; color: #636363;\"><em style=\"margin: 0px; padding: 0px;\"><span style=\"margin: 0px; padding: 0px; font-weight: bold;\">Black and gold lacquered turned wood hourglass<\/span>\u00a0dating from the early 16th century.<\/em><br style=\"margin: 0px; padding: 0px;\" \/><em style=\"margin: 0px; padding: 0px;\">Hourglass in black and gold lacquered turned wood, including an ivory motif on each of the bases which are held together by five turned baluster-shaped columns.<\/em><br style=\"margin: 0px; padding: 0px;\" \/><em style=\"margin: 0px; padding: 0px;\">Inside is a flask made of two pear-shaped lightly smoked and bubbled gray glass ampoules containing a very fine tin or lead \/ tin alloy sand.<\/em><br style=\"margin: 0px; padding: 0px;\" \/><em style=\"margin: 0px; padding: 0px;\">The wax seal is covered with tightly woven fabric with a brocade thread.<\/em><br style=\"margin: 0px; padding: 0px;\" \/><em style=\"margin: 0px; padding: 0px;\">Dimensions: height 10.2 cm x diameter 6.6 cm.<br style=\"margin: 0px; padding: 0px;\" \/><span style=\"margin: 0px; padding: 0px; font-weight: bold;\">France datable around 1520\/1530.<\/span><\/em><\/p>\n","protected":false},"featured_media":8411,"template":"","meta":[],"product_brand":[],"product_cat":[241],"product_tag":[],"class_list":{"0":"post-8423","1":"product","2":"type-product","3":"status-publish","4":"has-post-thumbnail","6":"product_cat-delalande","7":"description-off","9":"first","10":"instock","11":"shipping-taxable","12":"product-type-simple"},"aioseo_notices":[],"_links":{"self":[{"href":"https:\/\/www.carrerivegauche.com\/fr\/wp-json\/wp\/v2\/product\/8423","targetHints":{"allow":["GET"]}}],"collection":[{"href":"https:\/\/www.carrerivegauche.com\/fr\/wp-json\/wp\/v2\/product"}],"about":[{"href":"https:\/\/www.carrerivegauche.com\/fr\/wp-json\/wp\/v2\/types\/product"}],"wp:featuredmedia":[{"embeddable":true,"href":"https:\/\/www.carrerivegauche.com\/fr\/wp-json\/wp\/v2\/media\/8411"}],"wp:attachment":[{"href":"https:\/\/www.carrerivegauche.com\/fr\/wp-json\/wp\/v2\/media?parent=8423"}],"wp:term":[{"taxonomy":"product_brand","embeddable":true,"href":"https:\/\/www.carrerivegauche.com\/fr\/wp-json\/wp\/v2\/product_brand?post=8423"},{"taxonomy":"product_cat","embeddable":true,"href":"https:\/\/www.carrerivegauche.com\/fr\/wp-json\/wp\/v2\/product_cat?post=8423"},{"taxonomy":"product_tag","embeddable":true,"href":"https:\/\/www.carrerivegauche.com\/fr\/wp-json\/wp\/v2\/product_tag?post=8423"}],"curies":[{"name":"wp","href":"https:\/\/api.w.org\/{rel}","templated":true}]}}