 

{"id":8068,"date":"2021-04-22T16:15:52","date_gmt":"2021-04-22T14:15:52","guid":{"rendered":"https:\/\/www.carrerivegauche.com\/testboutique\/boutique-crg\/bureau-cylindre-estampille-de-dester\/"},"modified":"2021-05-12T10:03:20","modified_gmt":"2021-05-12T08:03:20","slug":"bureau-cylindre-estampille-de-dester","status":"publish","type":"product","link":"https:\/\/www.carrerivegauche.com\/fr\/boutique-crg\/bureau-cylindre-estampille-de-dester\/","title":{"rendered":"Bureau cylindre estampill\u00e9 de Dester"},"content":{"rendered":"<p style=\"margin: 0px 0px 10px; color: #515151; font-family: Lato,;\">Bureau cylindre en acajou et placage d\u2019acajou, pieds fusel\u00e9s et cannel\u00e9s ouvrant par deux portes vitr\u00e9es dans la partie sup\u00e9rieure. Le cylindre d\u00e9couvre trois tiroirs et une tablette d\u2019\u00e9critoire coulissante. Dans la partie inf\u00e9rieure, deux tiroirs en fa\u00e7ade, ornementation de bronze et laiton, encadrement perl\u00e9, galerie ajour\u00e9e.<br \/>\nIl est estampill\u00e9 de Godefroy DESTER, re\u00e7u ma\u00eetre en 1774.<\/p>\n<p style=\"margin: 0px 0px 10px; color: #515151; font-family: Lato,;\">\u00c9poque XVIIIe<\/p>\n<p style=\"margin: 0px; color: #515151; font-family: Lato,;\">L\u00a0: 92 cm<br \/>\nH\u00a0: 1m30<br \/>\nP : 46 cm<\/p>\n","protected":false},"excerpt":{"rendered":"<p style=\"margin: 0px 0px 10px; color: #515151; font-family: Lato,;\">Bureau cylindre en acajou et placage d\u2019acajou, pieds fusel\u00e9s et cannel\u00e9s ouvrant par deux portes vitr\u00e9es dans la partie sup\u00e9rieure. Le cylindre d\u00e9couvre trois tiroirs et une tablette d\u2019\u00e9critoire coulissante. Dans la partie inf\u00e9rieure, deux tiroirs en fa\u00e7ade, ornementation de bronze et laiton, encadrement perl\u00e9, galerie ajour\u00e9e.<br \/>\nIl est estampill\u00e9 de Godefroy DESTER, re\u00e7u ma\u00eetre en 1774.<\/p>\n<p style=\"margin: 0px 0px 10px; color: #515151; font-family: Lato,;\">\u00c9poque XVIIIe<\/p>\n","protected":false},"featured_media":8056,"template":"","meta":[],"product_brand":[],"product_cat":[248],"product_tag":[],"class_list":{"0":"post-8068","1":"product","2":"type-product","3":"status-publish","4":"has-post-thumbnail","6":"product_cat-belliard","7":"description-off","9":"first","10":"instock","11":"shipping-taxable","12":"product-type-simple"},"aioseo_notices":[],"_links":{"self":[{"href":"https:\/\/www.carrerivegauche.com\/fr\/wp-json\/wp\/v2\/product\/8068","targetHints":{"allow":["GET"]}}],"collection":[{"href":"https:\/\/www.carrerivegauche.com\/fr\/wp-json\/wp\/v2\/product"}],"about":[{"href":"https:\/\/www.carrerivegauche.com\/fr\/wp-json\/wp\/v2\/types\/product"}],"wp:featuredmedia":[{"embeddable":true,"href":"https:\/\/www.carrerivegauche.com\/fr\/wp-json\/wp\/v2\/media\/8056"}],"wp:attachment":[{"href":"https:\/\/www.carrerivegauche.com\/fr\/wp-json\/wp\/v2\/media?parent=8068"}],"wp:term":[{"taxonomy":"product_brand","embeddable":true,"href":"https:\/\/www.carrerivegauche.com\/fr\/wp-json\/wp\/v2\/product_brand?post=8068"},{"taxonomy":"product_cat","embeddable":true,"href":"https:\/\/www.carrerivegauche.com\/fr\/wp-json\/wp\/v2\/product_cat?post=8068"},{"taxonomy":"product_tag","embeddable":true,"href":"https:\/\/www.carrerivegauche.com\/fr\/wp-json\/wp\/v2\/product_tag?post=8068"}],"curies":[{"name":"wp","href":"https:\/\/api.w.org\/{rel}","templated":true}]}}