 

{"id":30881,"date":"2025-01-06T09:35:16","date_gmt":"2025-01-06T08:35:16","guid":{"rendered":"https:\/\/www.carrerivegauche.com\/boutique-crg\/canne-faberge-en-email-guilloche-ors-diamant-et-perles-par-michael-perchin\/"},"modified":"2025-01-06T09:35:16","modified_gmt":"2025-01-06T08:35:16","slug":"canne-faberge-en-email-guilloche-ors-diamant-et-perles-par-michael-perchin","status":"publish","type":"product","link":"https:\/\/www.carrerivegauche.com\/fr\/boutique-crg\/canne-faberge-en-email-guilloche-ors-diamant-et-perles-par-michael-perchin\/","title":{"rendered":"Canne Faberg\u00e9 en email guilloch\u00e9, ors, diamant et perles par Michael Perchin"},"content":{"rendered":"<p><span>Retrouvez davantage d\u2019objets sur notre propre site internet www.galeriedelalande.fr (version fran\u00e7aise) et www.galeriedelalande.com (English version).<\/span><\/p>\n","protected":false},"excerpt":{"rendered":"<p><p class=\"MsoNormal\" style=\"margin-top:1.0pt;margin-right:-9.0pt;margin-bottom:0cm;margin-left:0cm;margin-bottom:.0001pt\"><span>Superbe canne de collection <b>Faberg\u00e9<\/b><br \/>\navec pommeau milord en <b>\u00e9mail guilloch\u00e9 gris clair <\/b>mont\u00e9 sur <b>ors,<br \/>\ndiamant et perles.<\/b><\/span><\/p>\n<p class=\"MsoNormal\"><span>Au<br \/>\ncentre du pommeau un diamant facett\u00e9 cercl\u00e9 en or rose.<\/span><\/p>\n<p class=\"MsoNormal\"><span>En<br \/>\npourtour des couronnes de lauriers en ors jaune et rose avec trois perles<br \/>\ncercl\u00e9es d\u2019or rose.<\/span><\/p>\n<p class=\"MsoNormal\"><b><span>Poin\u00e7on<br \/>\n\u00ab\u00a0MP\u00a0\u00bb pour Michael Perchin<\/span><\/b><span>, Maitre d\u2019\u0153uvre de Faberg\u00e9, situ\u00e9 sur<br \/>\nla guirlande de lauriers proche du f\u00fbt en bois d\u2019amourette.<\/span><\/p>\n<p class=\"MsoNormal\"><u><span>Dimension<\/span><\/u><span> : pommeau\u00a03,8<br \/>\ncm de hauteur \/ longueur totale de 92 cm.<\/span><\/p>\n<p class=\"MsoNormal\"><b><span>Maitre<br \/>\nd\u2019\u0153uvre Michael Perchin, St P\u00e9tersbourg datable vers 1900.<\/span><\/b><\/p>\n<p><br data-mce-bogus=\"1\"><\/p>\n","protected":false},"featured_media":30866,"template":"","meta":[],"product_brand":[],"product_cat":[],"product_tag":[],"class_list":{"0":"post-30881","1":"product","2":"type-product","3":"status-publish","4":"has-post-thumbnail","6":"description-off","8":"first","9":"instock","10":"shipping-taxable","11":"product-type-simple"},"aioseo_notices":[],"_links":{"self":[{"href":"https:\/\/www.carrerivegauche.com\/fr\/wp-json\/wp\/v2\/product\/30881","targetHints":{"allow":["GET"]}}],"collection":[{"href":"https:\/\/www.carrerivegauche.com\/fr\/wp-json\/wp\/v2\/product"}],"about":[{"href":"https:\/\/www.carrerivegauche.com\/fr\/wp-json\/wp\/v2\/types\/product"}],"wp:featuredmedia":[{"embeddable":true,"href":"https:\/\/www.carrerivegauche.com\/fr\/wp-json\/wp\/v2\/media\/30866"}],"wp:attachment":[{"href":"https:\/\/www.carrerivegauche.com\/fr\/wp-json\/wp\/v2\/media?parent=30881"}],"wp:term":[{"taxonomy":"product_brand","embeddable":true,"href":"https:\/\/www.carrerivegauche.com\/fr\/wp-json\/wp\/v2\/product_brand?post=30881"},{"taxonomy":"product_cat","embeddable":true,"href":"https:\/\/www.carrerivegauche.com\/fr\/wp-json\/wp\/v2\/product_cat?post=30881"},{"taxonomy":"product_tag","embeddable":true,"href":"https:\/\/www.carrerivegauche.com\/fr\/wp-json\/wp\/v2\/product_tag?post=30881"}],"curies":[{"name":"wp","href":"https:\/\/api.w.org\/{rel}","templated":true}]}}