 

{"id":30652,"date":"2025-01-05T12:21:37","date_gmt":"2025-01-05T11:21:37","guid":{"rendered":"https:\/\/www.carrerivegauche.com\/boutique-crg\/statuette-en-ivoire-representant-le-celebre-corsaire-jean-bart\/"},"modified":"2025-01-28T13:05:29","modified_gmt":"2025-01-28T12:05:29","slug":"statuette-en-ivoire-representant-le-celebre-corsaire-jean-bart","status":"publish","type":"product","link":"https:\/\/www.carrerivegauche.com\/fr\/boutique-crg\/statuette-en-ivoire-representant-le-celebre-corsaire-jean-bart\/","title":{"rendered":"Statuette en ivoire repr\u00e9sentant le c\u00e9l\u00e8bre Capitaine dieppois Abraham Duquesne"},"content":{"rendered":"<p>Retrouvez davantage d\u2019objets sur notre propre site internet www.galeriedelalande.fr (version fran\u00e7aise) et www.galeriedelalande.com (English version).<\/p>\n","protected":false},"excerpt":{"rendered":"<p><span style=\"font-weight: bolder\">Statuette en ivoire\u00a0<\/span>repr\u00e9sentant le\u00a0<span style=\"font-weight: bolder\">Capitaine dieppois Abraham Duquesne<\/span>\u00a0(1610 \/ 1688).<\/p>\n<p>Il est habill\u00e9 en tenue d\u2019\u00e9poque avec son chapeau \u00e0 plumes, sa cape, une corne de brume dans sa main droite et son \u00e9p\u00e9e dans sa main gauche. Son pied gauche est appuy\u00e9 sur l\u2019aff\u00fbt d\u2019un canon avec embl\u00e8me qui se trouve en position vertical.<\/p>\n<p>A noter \u00e9galement une ancre de marine pos\u00e9e \u00e0 terre derri\u00e8re lui.<\/p>\n<p>La statuette repose sur un socle ouvrag\u00e9 \u00e0 deux niveaux de forme colonne.<\/p>\n<p>Grande qualit\u00e9 de sculpture et tr\u00e8s bon \u00e9tat de conservation.<\/p>\n<p><span>Nota<\/span>\u00a0:<\/p>\n<p>&#8211; Abraham Duquesne a \u00e9t\u00e9 capitaine d\u00e8s l\u2019\u00e2ge de seize ans, il entre au service de la reine Christine de Su\u00e8de avant de se mettre au service de Louis XIV en 1647. Administrateur et associ\u00e9 \u00e0 Jean-Baptiste Colbert (1619-1983), il contribue notamment au d\u00e9veloppement de la construction et de l\u2019armement naval.<br \/>En 1665, il est nomm\u00e9 lieutenant g\u00e9n\u00e9ral des arm\u00e9es navales et participe \u00e0 de nombreux combats. Il est connu (entre autres) par sa victoire sur l\u2019amiral hollandais Ruyter en 1676, qui lui conf\u00e8re une gloire internationale. Si les protestants, notamment les officiers, sont inqui\u00e9t\u00e9s par la r\u00e9vocation de l\u2019\u00e9dit de Nantes en 1685, ce n\u2019est pas le cas d\u2019Abraham Duquesne qui b\u00e9n\u00e9ficie de l\u2019estime du roi. Il est enterr\u00e9 en France en 1688, et son fils Henri emporte son c\u0153ur en Suisse.<\/p>\n<p>&#8211; une statue identique d&rsquo;Abraham Duquesne se trouve au centre de la Place Nationale \u00e0 Dieppe<\/p>\n<p><u>Dimension<\/u>\u00a0: hauteur de 21 cm x diam\u00e8tre de 6,7 cm.<\/p>\n<p>Travail de Dieppe datable vers 1850\/1880.<\/p>\n","protected":false},"featured_media":30628,"template":"","meta":[],"product_brand":[],"product_cat":[],"product_tag":[],"class_list":{"0":"post-30652","1":"product","2":"type-product","3":"status-publish","4":"has-post-thumbnail","6":"description-off","8":"first","9":"instock","10":"shipping-taxable","11":"product-type-simple"},"aioseo_notices":[],"_links":{"self":[{"href":"https:\/\/www.carrerivegauche.com\/fr\/wp-json\/wp\/v2\/product\/30652","targetHints":{"allow":["GET"]}}],"collection":[{"href":"https:\/\/www.carrerivegauche.com\/fr\/wp-json\/wp\/v2\/product"}],"about":[{"href":"https:\/\/www.carrerivegauche.com\/fr\/wp-json\/wp\/v2\/types\/product"}],"wp:featuredmedia":[{"embeddable":true,"href":"https:\/\/www.carrerivegauche.com\/fr\/wp-json\/wp\/v2\/media\/30628"}],"wp:attachment":[{"href":"https:\/\/www.carrerivegauche.com\/fr\/wp-json\/wp\/v2\/media?parent=30652"}],"wp:term":[{"taxonomy":"product_brand","embeddable":true,"href":"https:\/\/www.carrerivegauche.com\/fr\/wp-json\/wp\/v2\/product_brand?post=30652"},{"taxonomy":"product_cat","embeddable":true,"href":"https:\/\/www.carrerivegauche.com\/fr\/wp-json\/wp\/v2\/product_cat?post=30652"},{"taxonomy":"product_tag","embeddable":true,"href":"https:\/\/www.carrerivegauche.com\/fr\/wp-json\/wp\/v2\/product_tag?post=30652"}],"curies":[{"name":"wp","href":"https:\/\/api.w.org\/{rel}","templated":true}]}}