 

{"id":30264,"date":"2024-12-23T21:35:51","date_gmt":"2024-12-23T20:35:51","guid":{"rendered":"https:\/\/www.carrerivegauche.com\/boutique-crg\/couteau-presentoir-dans-son-etui-en-cuir-datable-vers-1600\/"},"modified":"2024-12-23T21:35:51","modified_gmt":"2024-12-23T20:35:51","slug":"couteau-presentoir-dans-son-etui-en-cuir-datable-vers-1600","status":"publish","type":"product","link":"https:\/\/www.carrerivegauche.com\/fr\/boutique-crg\/couteau-presentoir-dans-son-etui-en-cuir-datable-vers-1600\/","title":{"rendered":"Couteau pr\u00e9sentoir dans son \u00e9tui en cuir datable vers 1600"},"content":{"rendered":"<p><span>Retrouvez davantage d\u2019objets sur notre propre site internet www.galeriedelalande.fr (version fran\u00e7aise) et www.galeriedelalande.com (English version).<\/span><\/p>\n","protected":false},"excerpt":{"rendered":"<p><span style=\"font-weight: bolder\">Couteau pr\u00e9sentoir avec manche en ivoire et \u00e9b\u00e8ne surmont\u00e9 d\u2019un bouton en ivoire godronn\u00e9 et laiton.<\/span><\/p>\n<p><span style=\"font-weight: bolder\"><\/span>Large lame en accolade, plate et carr\u00e9, damasquin\u00e9e avec d\u00e9cor d\u2019entrelacs, rinceaux et feuillages surmont\u00e9 d\u2019une fleur de lys.<\/p>\n<p>Etui en cuir \u00e0 la forme, tranchoir manquant.<\/p>\n<p><span>Nota<\/span>\u00a0:<\/p>\n<p>&#8211; Le Mus\u00e9e du Louvre poss\u00e8de un couteau pr\u00e9sentoir incrust\u00e9 vers 1627, Allemagne du nord \u00ab 1627 \u00bb est la date du mariage de Georges II Hess Darmstadt avec Sophie El\u00e9onore de Saxe \u2013 Inventaire 161).<\/p>\n<p><span>Num\u00e9ro principal\u00a0<\/span>: OA 527\/Num\u00e9ro d\u00e9positaire : CL 22194\/Num\u00e9ro d\u00e9positaire : ECL 22194 (D\u00e9partement des Objets d&rsquo;art du Moyen Age, de la Renaissance et des temps modernes. En d\u00e9p\u00f4t : Mus\u00e9e national de la Renaissance &#8211; Ch\u00e2teau d&rsquo;Ecouen, Ecouen)<\/p>\n<p>&#8211; Un autre \u00ab Mus\u00e9e Le Secq des Tournelles \u00bb (LS 1999. 0. 31) Allemagne 1550-1575<\/p>\n<p><span>Dimensions<\/span>\u00a0:<\/p>\n<p>&#8211; pr\u00e9sentoir\u00a0seul : longueur de 40,5 cm x largeur maximale de 6,7 cm<\/p>\n<p>&#8211; \u00e9tui\u00a0seul : longueur de 34 cm x largeur maximale de 7,8 cm<\/p>\n<p>&#8211; pr\u00e9sentoir dans l\u2019\u00e9tui\u00a0: longueur de 41 cm<\/p>\n<p><span style=\"font-weight: bolder\">Alsace ou Franche Comt\u00e9 (terres d\u2019Empire) circa 1600.<\/span><\/p>\n","protected":false},"featured_media":30237,"template":"","meta":[],"product_brand":[],"product_cat":[],"product_tag":[],"class_list":{"0":"post-30264","1":"product","2":"type-product","3":"status-publish","4":"has-post-thumbnail","6":"description-off","8":"first","9":"instock","10":"shipping-taxable","11":"product-type-simple"},"aioseo_notices":[],"_links":{"self":[{"href":"https:\/\/www.carrerivegauche.com\/fr\/wp-json\/wp\/v2\/product\/30264","targetHints":{"allow":["GET"]}}],"collection":[{"href":"https:\/\/www.carrerivegauche.com\/fr\/wp-json\/wp\/v2\/product"}],"about":[{"href":"https:\/\/www.carrerivegauche.com\/fr\/wp-json\/wp\/v2\/types\/product"}],"wp:featuredmedia":[{"embeddable":true,"href":"https:\/\/www.carrerivegauche.com\/fr\/wp-json\/wp\/v2\/media\/30237"}],"wp:attachment":[{"href":"https:\/\/www.carrerivegauche.com\/fr\/wp-json\/wp\/v2\/media?parent=30264"}],"wp:term":[{"taxonomy":"product_brand","embeddable":true,"href":"https:\/\/www.carrerivegauche.com\/fr\/wp-json\/wp\/v2\/product_brand?post=30264"},{"taxonomy":"product_cat","embeddable":true,"href":"https:\/\/www.carrerivegauche.com\/fr\/wp-json\/wp\/v2\/product_cat?post=30264"},{"taxonomy":"product_tag","embeddable":true,"href":"https:\/\/www.carrerivegauche.com\/fr\/wp-json\/wp\/v2\/product_tag?post=30264"}],"curies":[{"name":"wp","href":"https:\/\/api.w.org\/{rel}","templated":true}]}}