 

{"id":30117,"date":"2024-12-23T20:34:57","date_gmt":"2024-12-23T19:34:57","guid":{"rendered":"https:\/\/www.carrerivegauche.com\/boutique-crg\/sculpture-en-buis-datable-vers-1700-representant-lallegorie-de-la-discorde-qui-mene-a-la-mort\/"},"modified":"2024-12-23T20:34:57","modified_gmt":"2024-12-23T19:34:57","slug":"sculpture-en-buis-datable-vers-1700-representant-lallegorie-de-la-discorde-qui-mene-a-la-mort","status":"publish","type":"product","link":"https:\/\/www.carrerivegauche.com\/fr\/boutique-crg\/sculpture-en-buis-datable-vers-1700-representant-lallegorie-de-la-discorde-qui-mene-a-la-mort\/","title":{"rendered":"Sculpture en buis datable vers 1700 repr\u00e9sentant l\u2019all\u00e9gorie de la discorde qui m\u00e8ne \u00e0 la mort"},"content":{"rendered":"<p><span>Retrouvez davantage d\u2019objets sur notre propre site internet www.galeriedelalande.fr (version fran\u00e7aise) et www.galeriedelalande.com (English version).<\/span><\/p>\n","protected":false},"excerpt":{"rendered":"<p>Sculpture<span style=\"font-weight: bolder\">\u00a0<\/span>monoxyle en buis de forme triangulaire repr\u00e9sentant\u00a0<span style=\"font-weight: bolder\">l\u2019all\u00e9gorie de la discorde qui m\u00e8ne \u00e0 la mort.<\/span><\/p>\n<p>En partie gauche on trouve Mo\u00efse (avec ses cornes) pointant du doigt un serpent repr\u00e9sentant le mal. A c\u00f4t\u00e9 Cain debout sur le point de tuer Abel \u00e0 terre symbolise la sc\u00e8ne de la discorde qui m\u00e8ne \u00e0 la mort, repr\u00e9sent\u00e9e ici par le squelette qui se\u00a0trouve\u00a0devant.<\/p>\n<p>En partie droite on trouve Abraham, aveugl\u00e9 par la foi, pr\u00eat \u00e0 sacrifier son fils \u00e0 Dieu (Ancien Testament) mais sauv\u00e9 par l\u2019ange qui arr\u00eate son \u00e9p\u00e9e. Pr\u00e9sence d\u2019un chien symbolisant la fid\u00e9lit\u00e9 \u00e0 Dieu.<\/p>\n<p>Les deux sc\u00e8nes convergent vers un squelette dansant repr\u00e9sentant la mort.<\/p>\n<p>Le message de cette sc\u00e8ne est le suivant : \u00ab\u00a0<span style=\"font-weight: bolder\">il ne faut pas \u00eatre aveugl\u00e9 par la foi et par la haine, sinon tu arrives \u00e0 la mort\u00a0<\/span>\u00bb.<\/p>\n<p>La sculpture repose sur trois pieds repr\u00e9sentant des t\u00eates d\u2019animaux fantastiques.<\/p>\n<p><u>Dimensions\u00a0<\/u>: hauteur de 13,6 cm x largeur de 12,5 cm par c\u00f4t\u00e9<\/p>\n<p><span style=\"font-weight: bolder\">Allemagne ou Flandres datable de la fin du 17<span style=\"position: relative;font-size: 0.75em;line-height: 0;vertical-align: baseline;top: -0.5em\">\u00e8me<\/span>\u00a0si\u00e8cle\/d\u00e9but du 18<span style=\"position: relative;font-size: 0.75em;line-height: 0;vertical-align: baseline;top: -0.5em\">\u00e8me<\/span>\u00a0si\u00e8cle.<\/span><\/p>\n","protected":false},"featured_media":30099,"template":"","meta":[],"product_brand":[],"product_cat":[],"product_tag":[],"class_list":{"0":"post-30117","1":"product","2":"type-product","3":"status-publish","4":"has-post-thumbnail","6":"description-off","8":"first","9":"instock","10":"shipping-taxable","11":"product-type-simple"},"aioseo_notices":[],"_links":{"self":[{"href":"https:\/\/www.carrerivegauche.com\/fr\/wp-json\/wp\/v2\/product\/30117","targetHints":{"allow":["GET"]}}],"collection":[{"href":"https:\/\/www.carrerivegauche.com\/fr\/wp-json\/wp\/v2\/product"}],"about":[{"href":"https:\/\/www.carrerivegauche.com\/fr\/wp-json\/wp\/v2\/types\/product"}],"wp:featuredmedia":[{"embeddable":true,"href":"https:\/\/www.carrerivegauche.com\/fr\/wp-json\/wp\/v2\/media\/30099"}],"wp:attachment":[{"href":"https:\/\/www.carrerivegauche.com\/fr\/wp-json\/wp\/v2\/media?parent=30117"}],"wp:term":[{"taxonomy":"product_brand","embeddable":true,"href":"https:\/\/www.carrerivegauche.com\/fr\/wp-json\/wp\/v2\/product_brand?post=30117"},{"taxonomy":"product_cat","embeddable":true,"href":"https:\/\/www.carrerivegauche.com\/fr\/wp-json\/wp\/v2\/product_cat?post=30117"},{"taxonomy":"product_tag","embeddable":true,"href":"https:\/\/www.carrerivegauche.com\/fr\/wp-json\/wp\/v2\/product_tag?post=30117"}],"curies":[{"name":"wp","href":"https:\/\/api.w.org\/{rel}","templated":true}]}}