 

{"id":30000,"date":"2024-12-22T22:15:55","date_gmt":"2024-12-22T21:15:55","guid":{"rendered":"https:\/\/www.carrerivegauche.com\/boutique-crg\/calendrier-perpetuel-en-nacre-et-laiton-noirci-datable-vers-1830\/"},"modified":"2024-12-22T22:15:56","modified_gmt":"2024-12-22T21:15:56","slug":"calendrier-perpetuel-en-nacre-et-laiton-noirci-datable-vers-1830","status":"publish","type":"product","link":"https:\/\/www.carrerivegauche.com\/fr\/boutique-crg\/calendrier-perpetuel-en-nacre-et-laiton-noirci-datable-vers-1830\/","title":{"rendered":"Calendrier perp\u00e9tuel en nacre et laiton noirci datable vers 1830"},"content":{"rendered":"<p><span>Retrouvez davantage d\u2019objets sur notre propre site internet www.galeriedelalande.fr (version fran\u00e7aise) et www.galeriedelalande.com (English version).<\/span><\/p>\n","protected":false},"excerpt":{"rendered":"<p><span style=\"font-weight: bolder\">Calendrier perp\u00e9tuel en nacre\u00a0<\/span>et laiton noirci datable vers 1830.<\/p>\n<p>Le calendrier perp\u00e9tuel est constitu\u00e9 d\u2019une plaque de nacre ajour\u00e9e et d\u2019un disque rotatif \u00e9galement en nacre au dos.<\/p>\n<p>La face est marqu\u00e9e \u00ab\u00a0Calendrier perp\u00e9tuel\u00a0\u00bb et est grav\u00e9e d\u2019un disque marqu\u00e9 des mois de l\u2019ann\u00e9e et \u00e0 l\u2019int\u00e9rieur d\u00e9coup\u00e9 en secteurs avec les chiffres marqu\u00e9s de 1 \u00e0 31 et des petites \u00e9toiles.<\/p>\n<p>Le c\u00f4t\u00e9 gauche comporte une fen\u00eatre d\u00e9coup\u00e9e permettant de lire les jours de la semaine grav\u00e9s sur le disque du dessous. Ce disque tourne \u00e0 l\u2019aide d\u2019une petite mollette en or et fer au centre.<\/p>\n<p>Le cadre en laiton noirci comporte un d\u00e9cor de griffons en partie haute et un d\u00e9cor drap\u00e9 avec des roses en partie basse. Les colonnes de chaque c\u00f4t\u00e9 sont orn\u00e9es de feuilles d\u2019olivier se terminant par une t\u00eate de chien.<\/p>\n<p><span>Dimensions<\/span>: hauteur de 12,8 cm x largeur de 8,3 cm<\/p>\n<p>Paris datable vers 1830.<\/p>\n","protected":false},"featured_media":29976,"template":"","meta":[],"product_brand":[],"product_cat":[],"product_tag":[],"class_list":{"0":"post-30000","1":"product","2":"type-product","3":"status-publish","4":"has-post-thumbnail","6":"description-off","8":"first","9":"instock","10":"shipping-taxable","11":"product-type-simple"},"aioseo_notices":[],"_links":{"self":[{"href":"https:\/\/www.carrerivegauche.com\/fr\/wp-json\/wp\/v2\/product\/30000","targetHints":{"allow":["GET"]}}],"collection":[{"href":"https:\/\/www.carrerivegauche.com\/fr\/wp-json\/wp\/v2\/product"}],"about":[{"href":"https:\/\/www.carrerivegauche.com\/fr\/wp-json\/wp\/v2\/types\/product"}],"wp:featuredmedia":[{"embeddable":true,"href":"https:\/\/www.carrerivegauche.com\/fr\/wp-json\/wp\/v2\/media\/29976"}],"wp:attachment":[{"href":"https:\/\/www.carrerivegauche.com\/fr\/wp-json\/wp\/v2\/media?parent=30000"}],"wp:term":[{"taxonomy":"product_brand","embeddable":true,"href":"https:\/\/www.carrerivegauche.com\/fr\/wp-json\/wp\/v2\/product_brand?post=30000"},{"taxonomy":"product_cat","embeddable":true,"href":"https:\/\/www.carrerivegauche.com\/fr\/wp-json\/wp\/v2\/product_cat?post=30000"},{"taxonomy":"product_tag","embeddable":true,"href":"https:\/\/www.carrerivegauche.com\/fr\/wp-json\/wp\/v2\/product_tag?post=30000"}],"curies":[{"name":"wp","href":"https:\/\/api.w.org\/{rel}","templated":true}]}}