 

{"id":27616,"date":"2024-10-12T16:13:53","date_gmt":"2024-10-12T14:13:53","guid":{"rendered":"https:\/\/www.carrerivegauche.com\/boutique-crg\/henri-joseph-harpignies-paysage-au-moulin\/"},"modified":"2024-10-12T16:13:53","modified_gmt":"2024-10-12T14:13:53","slug":"henri-joseph-harpignies-paysage-au-moulin","status":"publish","type":"product","link":"https:\/\/www.carrerivegauche.com\/fr\/boutique-crg\/henri-joseph-harpignies-paysage-au-moulin\/","title":{"rendered":"Henri-Joseph Harpignies &#8211; Paysage au moulin"},"content":{"rendered":"<p><br data-mce-bogus=\"1\"><\/p>\n","protected":false},"excerpt":{"rendered":"<p class=\"MsoNormal\"><span>Huile sur toile\u00a0<\/span><\/p>\n<p class=\"MsoNormal\" style=\"margin: 0cm;font-size: medium\"><font color=\"#333300\" face=\"Weiss BT, serif\">sing\u00e9 et dat\u00e9 en bas \u00e0 gauche \u00ab\u00a0H. Harpignies, 1883\u00a0\u00bb<\/font><\/p>\n<p class=\"MsoNormal\"><span>Peintre, paysagiste, aquarelliste, graveur, il commen\u00e7a sa carri\u00e8re \u00e0 l\u2019\u00e2ge de 27 ans en entrant dans l\u2019atelier du peintre Jean Achard qu\u2019il quitte pour les Flandres et l\u2019Allemagne lors de la R\u00e9volution de 1848.\u00a0<\/span><\/p>\n<p class=\"MsoNormal\"><span>\u00a0<\/span><\/p>\n<p class=\"MsoNormal\"><span>En novembre 1849 il part en italien d\u00e9couvre Naples, Sorrente, Capri et surtout Rome o\u00f9 il est pensionnaire de la Villa M\u00e9dicis.\u00a0<\/span><\/p>\n<p class=\"MsoNormal\"><span>\u00a0<\/span><\/p>\n<p class=\"MsoNormal\"><span>Dans les ann\u00e9es 1850, de retour en France il rencontre Corot qui l\u2019introduit aupr\u00e8s des peintres de l\u2019Ecole de Barbizon. Suivant ses ain\u00e9s, Corot, Daubigny, Rousseau, le peintre entre en communion avec le paysage, ses tableaux deviennent le reflet de ce dialogue,\u00a0\u00a0il se d\u00e9tache pourtant vite de leur mani\u00e8re de travailler\u00a0<\/span><\/p>\n<p class=\"MsoNormal\"><span>\u00a0<\/span><\/p>\n<p class=\"MsoNormal\" align=\"center\"><span>Reconnu par les critiques, appr\u00e9ci\u00e9 de nombreux collectionneurs, il\u00a0devient le\u00a0:<\/span><\/p>\n<p class=\"MsoNormal\" align=\"center\"><b><span>\u00ab\u00a0Symbole du renouveau du paysage en France<\/span><\/b><b><span>\u00a0\u00bb,<\/span><\/b><\/p>\n<p class=\"MsoNormal\"><span>\u00a0<\/span><\/p>\n<p class=\"MsoNormal\"><span>S\u2019op\u00e8re alors ce que les Goncourt appelleront \u00ab la victoire du paysage \u00bb, nouvelle \u00e9cole du paysage o\u00f9 on l\u2019on retrouve des paysagistes qui ce sont s\u2019install\u00e9s \u00e0 Barbizon, ou Marlotte.<\/span><span>\u00a0On pourrait aussi appeler cette \u00e9cole\u00a0\u00ab naturaliste \u00bb\u00a0si on consid\u00e8re que leur but est de rendre le paysage dans sa\u00a0v\u00e9rit\u00e9.<\/span><\/p>\n<p class=\"MsoNormal\"><span>\u00a0<\/span><\/p>\n<p class=\"MsoNormal\"><span>Alors qu\u2019\u00e0 la fin de sa vie, les honneurs et les m\u00e9dailles pleuvent sur lui, Harpignies conserve la m\u00eame g\u00e9n\u00e9rosit\u00e9. Dans tout ce qu\u2019il r\u00e9alise, des d\u00e9cors de l\u2019Op\u00e9ra aux plus modestes \u00e9tudes, il \u00e9prouve le m\u00eame plaisir manifeste, alliant vigueur et minutie pour renouveler sans cesse avec autant de sobri\u00e9t\u00e9 que d\u2019\u00e9l\u00e9gance un sentiment de la nature o\u00f9 se confondent mysticime et sensualit\u00e9.<\/span><\/p>\n<p class=\"MsoNormal\" align=\"center\"><span>\u00a0<\/span><\/p>\n<p class=\"MsoNormal\" align=\"center\"><span>D\u00e9sign\u00e9 par Antole France comme le \u00ab\u00a0Michel Ange des Arbres\u00a0\u00bb<\/span><\/p>\n<p class=\"MsoNormal\" align=\"center\"><span>Il est encore aujourd\u2019hui reconnu comme\u00a0<\/span><\/p>\n<p class=\"MsoNormal\" align=\"center\"><b><span>Un des Ma\u00eetres du paysage de la peinture du XIX\u00e8me si\u00e8cle.<\/span><\/b><\/p>\n","protected":false},"featured_media":27608,"template":"","meta":[],"product_brand":[],"product_cat":[],"product_tag":[],"class_list":{"0":"post-27616","1":"product","2":"type-product","3":"status-publish","4":"has-post-thumbnail","6":"description-off","8":"first","9":"instock","10":"shipping-taxable","11":"product-type-simple"},"aioseo_notices":[],"_links":{"self":[{"href":"https:\/\/www.carrerivegauche.com\/fr\/wp-json\/wp\/v2\/product\/27616","targetHints":{"allow":["GET"]}}],"collection":[{"href":"https:\/\/www.carrerivegauche.com\/fr\/wp-json\/wp\/v2\/product"}],"about":[{"href":"https:\/\/www.carrerivegauche.com\/fr\/wp-json\/wp\/v2\/types\/product"}],"wp:featuredmedia":[{"embeddable":true,"href":"https:\/\/www.carrerivegauche.com\/fr\/wp-json\/wp\/v2\/media\/27608"}],"wp:attachment":[{"href":"https:\/\/www.carrerivegauche.com\/fr\/wp-json\/wp\/v2\/media?parent=27616"}],"wp:term":[{"taxonomy":"product_brand","embeddable":true,"href":"https:\/\/www.carrerivegauche.com\/fr\/wp-json\/wp\/v2\/product_brand?post=27616"},{"taxonomy":"product_cat","embeddable":true,"href":"https:\/\/www.carrerivegauche.com\/fr\/wp-json\/wp\/v2\/product_cat?post=27616"},{"taxonomy":"product_tag","embeddable":true,"href":"https:\/\/www.carrerivegauche.com\/fr\/wp-json\/wp\/v2\/product_tag?post=27616"}],"curies":[{"name":"wp","href":"https:\/\/api.w.org\/{rel}","templated":true}]}}