 

{"id":27615,"date":"2024-10-12T16:11:48","date_gmt":"2024-10-12T14:11:48","guid":{"rendered":"https:\/\/www.carrerivegauche.com\/boutique-crg\/commode-depoque-regence\/"},"modified":"2024-10-12T16:11:48","modified_gmt":"2024-10-12T14:11:48","slug":"commode-depoque-regence","status":"publish","type":"product","link":"https:\/\/www.carrerivegauche.com\/fr\/boutique-crg\/commode-depoque-regence\/","title":{"rendered":"Commode d&rsquo;\u00e9poque R\u00e9gence"},"content":{"rendered":"<p><br data-mce-bogus=\"1\"><\/p>\n","protected":false},"excerpt":{"rendered":"<p><span>Estampill\u00e9e FG pour Fran\u00e7ois Garnier<\/span><br data-mce-bogus=\"1\"><\/p>\n<p class=\"MsoNormal\"><span>\u00a0<\/span><\/p>\n<p class=\"MsoNormal\"><span>A fa\u00e7ade en arbal\u00e8te, elle ouvre par quatre tiroirs sur trois rangs soulign\u00e9s d\u2019une cannelure de laiton. Beau frisage de bois de violette dans un double encadrement. Riche ornementation de bronzes cisel\u00e9s et dor\u00e9s.<\/span><\/p>\n<p class=\"MsoNormal\"><span>Dessus de marbre br\u00e8che d\u2019Alep moulur\u00e9.<\/span><\/p>\n<p class=\"MsoNormal\"><span>Estampill\u00e9e FG pour Fran\u00e7ois Garnier<\/span><\/p>\n<p class=\"MsoNormal\"><span>\u00a0<\/span><\/p>\n<p class=\"MsoNormal\"><span>H. 83 cm.\u00a0<\/span><i><span lang=\"EN-US\">(32 2\/3 in.)<\/span><\/i><span lang=\"EN-US\">, L. 143 cm.\u00a0<i>(56 1\/3in.),\u00a0<\/i>P.65,5 cm.\u00a0<\/span><i><span>(25 \u00be in.)<\/span><\/i><span><\/span><\/p>\n<p class=\"MsoNormal\"><span>\u00a0<\/span><\/p>\n<p class=\"MsoNormal\"><span>Fran\u00e7ois Garnier (d\u00e9c\u00e9d\u00e9 le 20 octobre 1774)\u00a0: P\u00e8re du c\u00e9l\u00e8bre Pierre Garnier, on conna\u00eet mal sa production avant la r\u00e9-obligation d\u2019estampiller de 1743. Il travailla rue du Faubourg Saint-Antoine durant tout le r\u00e8gne de Louis XV. Les quelques meubles sign\u00e9s qui apparaissent de temps \u00e0 autre sur le march\u00e9 t\u00e9moignent d\u2019un r\u00e9el talent. Il c\u00e9da son fonds \u00e0 son fils en 1754.<\/span><\/p>\n<p class=\"MsoNormal\"><span>\u00a0<\/span><\/p>\n<p class=\"MsoNormal\"><span>Bibliographie\u00a0:<\/span><\/p>\n<p class=\"MsoNormal\"><span>\u00ab\u00a0Pierre IV Migeon\u00a0\u00bb, S. Mouqin. Ed. de l\u2019Amateur.p. 79 (ex. comparatif)<\/span><\/p>\n<p class=\"MsoNormal\"><span>\u00ab\u00a0Le mobilier fran\u00e7ais R\u00e9gence, Louis XV\u00a0\u00bb, C.P. Wiegandt. Massin. p.48<\/span><\/p>\n<p class=\"MsoNormal\"><span>(exemple comparatif estampill\u00e9 FG conserv\u00e9 au Mus\u00e9e des Arts D\u00e9coratifs, Paris)<\/span><\/p>\n<p class=\"MsoNormal\"><span>\u00ab\u00a0Vente Sotheby\u2019s Park Bernet &amp; co\u201d, Mentmore Buckinghamshire, 19 au 20 mai 1977, lot 415<\/span><\/p>\n<p class=\"MsoNormal\"><span>\u201cLe mobilier fran\u00e7ais du Moyen-Age \u00e0 Louis XV\u00a0\u00bb, P. Kjellberb Tome I. Guy le Prat ed. p. 116<\/span><\/p>\n<p class=\"MsoNormal\"><span>\u00a0<\/span><\/p>\n","protected":false},"featured_media":27605,"template":"","meta":[],"product_brand":[],"product_cat":[],"product_tag":[],"class_list":{"0":"post-27615","1":"product","2":"type-product","3":"status-publish","4":"has-post-thumbnail","6":"description-off","8":"first","9":"instock","10":"shipping-taxable","11":"product-type-simple"},"aioseo_notices":[],"_links":{"self":[{"href":"https:\/\/www.carrerivegauche.com\/fr\/wp-json\/wp\/v2\/product\/27615","targetHints":{"allow":["GET"]}}],"collection":[{"href":"https:\/\/www.carrerivegauche.com\/fr\/wp-json\/wp\/v2\/product"}],"about":[{"href":"https:\/\/www.carrerivegauche.com\/fr\/wp-json\/wp\/v2\/types\/product"}],"wp:featuredmedia":[{"embeddable":true,"href":"https:\/\/www.carrerivegauche.com\/fr\/wp-json\/wp\/v2\/media\/27605"}],"wp:attachment":[{"href":"https:\/\/www.carrerivegauche.com\/fr\/wp-json\/wp\/v2\/media?parent=27615"}],"wp:term":[{"taxonomy":"product_brand","embeddable":true,"href":"https:\/\/www.carrerivegauche.com\/fr\/wp-json\/wp\/v2\/product_brand?post=27615"},{"taxonomy":"product_cat","embeddable":true,"href":"https:\/\/www.carrerivegauche.com\/fr\/wp-json\/wp\/v2\/product_cat?post=27615"},{"taxonomy":"product_tag","embeddable":true,"href":"https:\/\/www.carrerivegauche.com\/fr\/wp-json\/wp\/v2\/product_tag?post=27615"}],"curies":[{"name":"wp","href":"https:\/\/api.w.org\/{rel}","templated":true}]}}