 

{"id":27604,"date":"2024-10-12T15:58:01","date_gmt":"2024-10-12T13:58:01","guid":{"rendered":"https:\/\/www.carrerivegauche.com\/boutique-crg\/large-paire-de-bergeres-depoque-louis-xv\/"},"modified":"2024-10-12T15:58:01","modified_gmt":"2024-10-12T13:58:01","slug":"large-paire-de-bergeres-depoque-louis-xv","status":"publish","type":"product","link":"https:\/\/www.carrerivegauche.com\/fr\/boutique-crg\/large-paire-de-bergeres-depoque-louis-xv\/","title":{"rendered":"Large paire de berg\u00e8res d&rsquo;\u00e9poque Louis XV"},"content":{"rendered":"<p class=\"MsoNormal\"><span>Etienne Meunier, le plus r\u00e9put\u00e9 des menuisiers de ce nom, travaille dans la premi\u00e8re moiti\u00e9 du XVIIIe si\u00e8cle. Son atelier de la rue de Cl\u00e9ry est mentionn\u00e9 jusque dans les ann\u00e9es 1770, mais il est possible que sa veuve l\u2019ait conserv\u00e9 apr\u00e8s son d\u00e9c\u00e8s, dont on ignore la date.<\/span><\/p>\n<p class=\"MsoNormal\"><span>Il a livr\u00e9 des si\u00e8ges \u00e0 plusieurs marchands dont Pierre Migeon. Il fut tr\u00e8s probablement un des cr\u00e9ateurs du mod\u00e8le de fauteuil de bureau \u00e0 plan losang\u00e9 avec dossier en gondole et pieds ant\u00e9rieurs m\u00e9dian.<\/span><\/p>\n<p class=\"MsoNormal\"><span>Son estampille figure sur de beaux si\u00e8ges Louis XV, bien dessin\u00e9s, aux galbes discrets et \u00e0 la sculpture peu abondante.<\/span><\/p>\n<p class=\"MsoNormal\"><span>\u00a0<\/span><\/p>\n<p class=\"MsoNormal\"><span>Mus\u00e9es conservant des si\u00e8ges d\u2019E. Meunier\u00a0:<\/span><\/p>\n<p class=\"MsoNormal\"><span>Paris, mus\u00e9e Carnavalet<\/span><\/p>\n<p class=\"MsoNormal\"><span>Paris, mus\u00e9e des Arts D\u00e9coratifs\u00a0<\/span><\/p>\n<p class=\"MsoNormal\"><span>Paris, mus\u00e9e Jacquemart-Andr\u00e9\u00a0<\/span><\/p>\n<p class=\"MsoNormal\"><span>Strasbourg, Arts d\u00e9coratifs<\/span><\/p>\n<p class=\"MsoNormal\"><span>Reims, Mus\u00e9e des Beaux &#8211; Arts<\/span><\/p>\n<p class=\"MsoNormal\"><span>Amsterdam, Rijksmuseum<\/span><span><\/span><\/p>\n<p class=\"MsoNormal\"><span>\u00a0<\/span><\/p>\n<p class=\"MsoNormal\"><span>Bibliographie\u00a0:<\/span><\/p>\n<p class=\"MsoNormal\"><span>\u00ab Le mobilier fran\u00e7ais du XVIIIe si\u00e8cle \u00bb, P. Kjellberg. Ed. de l\u2019amateur (p. 562-564)<\/span><\/p>\n","protected":false},"excerpt":{"rendered":"<p class=\"MsoNormal\"><span>A dossier plat en en noyer naturel, moulur\u00e9 et sculpt\u00e9, reposant sur des pieds cambr\u00e9s termin\u00e9s par des enroulements.<\/span><span> La ceinture galb\u00e9e orn\u00e9e en son centre et sur le haut des pieds de motifs de fleurettes, soutient des consoles d\u2019accotoirs en l\u00e9ger coup de fouet. Le dossier \u00e0 l\u2019\u00e9paulement soulign\u00e9 par une petite feuille d\u2019acanthe et d\u00e9cor\u00e9 en son centre de fleurs.<\/span><\/p>\n","protected":false},"featured_media":27601,"template":"","meta":[],"product_brand":[],"product_cat":[],"product_tag":[],"class_list":{"0":"post-27604","1":"product","2":"type-product","3":"status-publish","4":"has-post-thumbnail","6":"description-off","8":"first","9":"instock","10":"shipping-taxable","11":"product-type-simple"},"aioseo_notices":[],"_links":{"self":[{"href":"https:\/\/www.carrerivegauche.com\/fr\/wp-json\/wp\/v2\/product\/27604","targetHints":{"allow":["GET"]}}],"collection":[{"href":"https:\/\/www.carrerivegauche.com\/fr\/wp-json\/wp\/v2\/product"}],"about":[{"href":"https:\/\/www.carrerivegauche.com\/fr\/wp-json\/wp\/v2\/types\/product"}],"wp:featuredmedia":[{"embeddable":true,"href":"https:\/\/www.carrerivegauche.com\/fr\/wp-json\/wp\/v2\/media\/27601"}],"wp:attachment":[{"href":"https:\/\/www.carrerivegauche.com\/fr\/wp-json\/wp\/v2\/media?parent=27604"}],"wp:term":[{"taxonomy":"product_brand","embeddable":true,"href":"https:\/\/www.carrerivegauche.com\/fr\/wp-json\/wp\/v2\/product_brand?post=27604"},{"taxonomy":"product_cat","embeddable":true,"href":"https:\/\/www.carrerivegauche.com\/fr\/wp-json\/wp\/v2\/product_cat?post=27604"},{"taxonomy":"product_tag","embeddable":true,"href":"https:\/\/www.carrerivegauche.com\/fr\/wp-json\/wp\/v2\/product_tag?post=27604"}],"curies":[{"name":"wp","href":"https:\/\/api.w.org\/{rel}","templated":true}]}}