 

{"id":10367,"date":"2021-05-27T15:48:37","date_gmt":"2021-05-27T13:48:37","guid":{"rendered":"https:\/\/www.carrerivegauche.com\/boutique-crg\/bureau-cylindre-estampille-de-pierre-dupre\/"},"modified":"2021-05-27T19:06:44","modified_gmt":"2021-05-27T17:06:44","slug":"bureau-cylindre-estampille-de-pierre-dupre","status":"publish","type":"product","link":"https:\/\/www.carrerivegauche.com\/fr\/boutique-crg\/bureau-cylindre-estampille-de-pierre-dupre\/","title":{"rendered":"Bureau cylindre estampill\u00e9 de Pierre Dupr\u00e9"},"content":{"rendered":"<p style=\"margin: 0px 0px 10px; color: rgb(81, 81, 81); font-family: Lato, \"Helvetica Neue\", Helvetica, Arial, sans-serif; font-size: 14px;\">Bureau \u00e0 cylindre d\u2019\u00e9poque Louis XVI, marquet\u00e9 toutes faces en placage de bois de rose et satin\u00e9. Pieds gaines. Entr\u00e9es de serrures, poign\u00e9es, bagues et sabots en bronze dor\u00e9 et cisel\u00e9, surmont\u00e9 d\u2019une galerie en laiton ajour\u00e9e. Il ouvre par une large tablette faisant \u00e9critoire et deux tirettes lat\u00e9rales recouvertes de cuir, d\u00e9couvrant quatre tiroirs.<\/p>\n<p style=\"margin: 0px 0px 10px; color: rgb(81, 81, 81); font-family: Lato, \"Helvetica Neue\", Helvetica, Arial, sans-serif; font-size: 14px;\">Estampill\u00e9 de Pierre Dupr\u00e9.<\/p>\n<p style=\"margin: 0px 0px 10px; color: rgb(81, 81, 81); font-family: Lato, \"Helvetica Neue\", Helvetica, Arial, sans-serif; font-size: 14px;\">Epoque Louis XVI.<\/p>\n<p style=\"margin: 0px; color: rgb(81, 81, 81); font-family: Lato, \"Helvetica Neue\", Helvetica, Arial, sans-serif; font-size: 14px;\">H\u00a0: 105 cm<br \/>L\u00a0: 130 cm<br \/>P : 69 cm<\/p>\n","protected":false},"excerpt":{"rendered":"<p style=\"margin: 0px 0px 10px; color: rgb(81, 81, 81); font-family: Lato, \"Helvetica Neue\", Helvetica, Arial, sans-serif; font-size: 14px;\">Bureau \u00e0 cylindre d\u2019\u00e9poque Louis XVI, marquet\u00e9 toutes faces en placage de bois de rose et satin\u00e9. Pieds gaines. Entr\u00e9es de serrures, poign\u00e9es, bagues et sabots en bronze dor\u00e9 et cisel\u00e9, surmont\u00e9 d\u2019une galerie en laiton ajour\u00e9e. Il ouvre par une large tablette faisant \u00e9critoire et deux tirettes lat\u00e9rales recouvertes de cuir, d\u00e9couvrant quatre tiroirs.<\/p>\n<p style=\"margin: 0px 0px 10px; color: rgb(81, 81, 81); font-family: Lato, \"Helvetica Neue\", Helvetica, Arial, sans-serif; font-size: 14px;\">Estampill\u00e9 de Pierre Dupr\u00e9.<\/p>\n<p style=\"margin: 0px 0px 10px; color: rgb(81, 81, 81); font-family: Lato, \"Helvetica Neue\", Helvetica, Arial, sans-serif; font-size: 14px;\">Epoque Louis XVI.<\/p>\n","protected":false},"featured_media":10280,"template":"","meta":[],"product_brand":[],"product_cat":[248],"product_tag":[],"class_list":{"0":"post-10367","1":"product","2":"type-product","3":"status-publish","4":"has-post-thumbnail","6":"product_cat-belliard","7":"description-off","9":"first","10":"instock","11":"shipping-taxable","12":"product-type-simple"},"aioseo_notices":[],"_links":{"self":[{"href":"https:\/\/www.carrerivegauche.com\/fr\/wp-json\/wp\/v2\/product\/10367","targetHints":{"allow":["GET"]}}],"collection":[{"href":"https:\/\/www.carrerivegauche.com\/fr\/wp-json\/wp\/v2\/product"}],"about":[{"href":"https:\/\/www.carrerivegauche.com\/fr\/wp-json\/wp\/v2\/types\/product"}],"wp:featuredmedia":[{"embeddable":true,"href":"https:\/\/www.carrerivegauche.com\/fr\/wp-json\/wp\/v2\/media\/10280"}],"wp:attachment":[{"href":"https:\/\/www.carrerivegauche.com\/fr\/wp-json\/wp\/v2\/media?parent=10367"}],"wp:term":[{"taxonomy":"product_brand","embeddable":true,"href":"https:\/\/www.carrerivegauche.com\/fr\/wp-json\/wp\/v2\/product_brand?post=10367"},{"taxonomy":"product_cat","embeddable":true,"href":"https:\/\/www.carrerivegauche.com\/fr\/wp-json\/wp\/v2\/product_cat?post=10367"},{"taxonomy":"product_tag","embeddable":true,"href":"https:\/\/www.carrerivegauche.com\/fr\/wp-json\/wp\/v2\/product_tag?post=10367"}],"curies":[{"name":"wp","href":"https:\/\/api.w.org\/{rel}","templated":true}]}}